{"id":785,"date":"2018-08-31T13:24:52","date_gmt":"2018-08-31T16:24:52","guid":{"rendered":"https:\/\/insrp-mza.infd.edu.ar\/sitio\/docentes\/"},"modified":"2020-08-04T23:17:20","modified_gmt":"2020-08-05T02:17:20","slug":"docentes","status":"publish","type":"page","link":"https:\/\/insrp-infd.mendoza.edu.ar\/sitio\/docentes\/","title":{"rendered":"Docentes"},"content":{"rendered":"<table width=\"552\">\n<tbody>\n<tr>\n<td style=\"text-align: center;\" width=\"182\"><span style=\"color: #000080;\"><strong>PROFESORES<\/strong><\/span><\/td>\n<td style=\"text-align: center;\" width=\"370\"><span style=\"color: #000080;\"><strong>ESPACIOS CURRICULARES A CARGO<\/strong><\/span><\/td>\n<\/tr>\n<tr>\n<td rowspan=\"2\">ARDISANA, Melisa<\/td>\n<td width=\"370\">Historia y Pol\u00edtica de la Educaci\u00f3n Argentina 2\u00ba PEP-PEI<\/td>\n<\/tr>\n<tr>\n<td width=\"370\">Perspectiva Historica, Pol\u00edtica, Social, Econ\u00f3mica y Cultural de Aca. Latina\u00a0 1\u00ba PEP -PEI<\/td>\n<\/tr>\n<tr>\n<td rowspan=\"2\">BAUZ\u00c1, Luc\u00eda de L.<\/td>\n<td width=\"370\">Promoci\u00f3n de la Salud\u00a0 1\u00ba PEP -PEI<\/td>\n<\/tr>\n<tr>\n<td width=\"370\">Di\u00e1ctica de las Ciencias Naturales III \u00a04\u00ba \u00a0PEP<\/td>\n<\/tr>\n<tr>\n<td rowspan=\"3\">BERG\u00c9, Karina In\u00e9s<\/td>\n<td width=\"370\">Instituciones Educativas 2\u00ba PEP &#8211; PEI<\/td>\n<\/tr>\n<tr>\n<td width=\"370\">Comunicaci\u00f3n 1\u00ba TSAG<\/td>\n<\/tr>\n<tr>\n<td width=\"370\">Taller integrador\u00a0 1\u00b0 TSAG<\/td>\n<\/tr>\n<tr>\n<td rowspan=\"2\">CASORATI, Claudio<\/td>\n<td width=\"370\">Suplente: Formaci\u00f3n Humana Integral\u00a0 III 3\u00ba PEP -PEI<\/td>\n<\/tr>\n<tr>\n<td width=\"370\">Suplente: Filosof\u00eda 3\u00ba PEP &#8211; PEI<\/td>\n<\/tr>\n<tr>\n<td rowspan=\"6\">CASTILLO TORRES, Laura<\/td>\n<td width=\"370\">Introducci\u00f3n y Fundamentos de Gerontolog\u00eda \u00a01\u00ba TSAG<\/td>\n<\/tr>\n<tr>\n<td width=\"370\">Psicolog\u00eda del Envejecimiento\u00a0 \u00a01\u00ba TSAG<\/td>\n<\/tr>\n<tr>\n<td width=\"370\">Psicolog\u00eda Social y de Grupo 1\u00ba\u00a0 TSAG<\/td>\n<\/tr>\n<tr>\n<td width=\"370\">Taller Integrador 2\u00ba\u00a0 TSAG<\/td>\n<\/tr>\n<tr>\n<td width=\"370\">Protecci\u00f3n y Cuidados del Asistente Gerontol\u00f3gico 3 \u00ba TSAG<\/td>\n<\/tr>\n<tr>\n<td width=\"370\">Suplente: Atenci\u00f3n a la Diversidad 4\u00b0 PEI<\/td>\n<\/tr>\n<tr>\n<td rowspan=\"2\">CONIL, Ma. Victoria<\/td>\n<td width=\"370\">Did\u00e1ctica de las Ciencias Naturales I (Biolog\u00eda) 2\u00ba PEP<\/td>\n<\/tr>\n<tr>\n<td width=\"370\">Did\u00e1ctica de las Ciencias Naturales II (Biolog\u00eda) 3\u00ba PEP<\/td>\n<\/tr>\n<tr>\n<td rowspan=\"2\">CORTEZ, Paula<\/td>\n<td width=\"370\">Practica Profesional 3\u00b0 TSAG<\/td>\n<\/tr>\n<tr>\n<td width=\"370\">Observaci\u00f3n e Inserci\u00f3n Institucional 2\u00ba TSAG<\/td>\n<\/tr>\n<tr>\n<td rowspan=\"3\">DE CARA, Federico<\/td>\n<td width=\"370\">Actividades Motrices para la 3era. Edad \u00a01\u00ba TSAG<\/td>\n<\/tr>\n<tr>\n<td width=\"370\">Actividades Recreativas para la 3era. Edad 2\u00ba TSAG<\/td>\n<\/tr>\n<tr>\n<td width=\"370\">Psicomotricidad 3\u00b0 PEI<\/td>\n<\/tr>\n<tr>\n<td rowspan=\"4\">FAR\u00c9S, Mar\u00eda In\u00e9s<\/td>\n<td width=\"370\">Pr\u00e1ctica Profesional Docente III\u00a0\u00a0 3\u00ba PEP<\/td>\n<\/tr>\n<tr>\n<td width=\"370\">Juego y producci\u00f3n de objetos L\u00fadicos\u00a0 1\u00ba PEI<\/td>\n<\/tr>\n<tr>\n<td width=\"370\">Problem\u00e1ticas\u00a0 del NP\u00a0\u00a0 3\u00ba\u00a0 PEP<\/td>\n<\/tr>\n<tr>\n<td width=\"370\">UCDI Trayectorias y Evaluaci\u00f3n 2\u00ba PEI &#8211; PEP<\/td>\n<\/tr>\n<tr>\n<td rowspan=\"2\">FERN\u00c1NDEZ,\u00a0 Silvina<\/td>\n<td width=\"370\">Pr\u00e1ctica Profesional Docente I\u00a0 1\u00ba PEP<\/td>\n<\/tr>\n<tr>\n<td width=\"370\">Metodolog\u00eda de la Investigaci\u00f3n Social\u00a0 2\u00ba TSAG<\/td>\n<\/tr>\n<tr>\n<td rowspan=\"4\">FOTI, Sonia<\/td>\n<td width=\"370\">Did\u00e1ctica de la Matem\u00e1tica I\u00a0 2\u00ba\u00a0 PEP<\/td>\n<\/tr>\n<tr>\n<td width=\"370\">Did\u00e1ctica de la Matem\u00e1tica II\u00a0\u00a0 3\u00ba PEP<\/td>\n<\/tr>\n<tr>\n<td width=\"370\">Did\u00e1ctica de la Matem\u00e1tica III\u00a0\u00a0 4\u00ba PEP<\/td>\n<\/tr>\n<tr>\n<td width=\"370\">Did\u00e1ctica de la Matem\u00e1tica II\u00a0 3\u00ba PEI<\/td>\n<\/tr>\n<tr>\n<td rowspan=\"2\">GIRALDI, Aana Laura<\/td>\n<td width=\"370\">Suplente: Formaci\u00f3n \u00c9tica y Ciudadana 3\u00ba PEP -PEI<\/td>\n<\/tr>\n<tr>\n<td width=\"370\">Did\u00e1ctica de las Ciencias Sociales I\u00a0 2\u00ba PEP<\/td>\n<\/tr>\n<tr>\n<td rowspan=\"3\">INTELISANO, Sandra<\/td>\n<td width=\"370\">Did\u00e1ctica de la Matem\u00e1tica\u00a0 I\u00a0 \u00a02\u00ba PEI<\/td>\n<\/tr>\n<tr>\n<td width=\"370\">Did\u00e1ctica de\u00a0 las Ciencias Naturales I (F\u00edsica) 2\u00ba PEP<\/td>\n<\/tr>\n<tr>\n<td width=\"370\">UCDI: Evaluaci\u00f3n en las Propuestas Pedag\u00f3gicas \u00a03\u00ba PEP-PEI<\/td>\n<\/tr>\n<tr>\n<td rowspan=\"3\">ISUANI, Gabriela L.<\/td>\n<td width=\"370\">Did\u00e1ctica del Nivel Inicial\u00a0 \u00a01\u00ba PEI<\/td>\n<\/tr>\n<tr>\n<td width=\"370\">UCDI: Educaci\u00f3n de la Sexualidad y la Afectividad 4\u00ba PEP-PEI<\/td>\n<\/tr>\n<tr>\n<td width=\"370\">Salud y cuidados Infantiles\u00a0 4\u00ba\u00a0 PEI<\/td>\n<\/tr>\n<tr>\n<td rowspan=\"3\">JOFR\u00c9, Mauro<\/td>\n<td width=\"370\">Formaci\u00f3n Humana Integral\u00a0 II\u00a0 2\u00ba PEP &#8211; PEI<\/td>\n<\/tr>\n<tr>\n<td width=\"370\">\u00c9tica Profesional\u00a0 \u00a02\u00ba TSAG<\/td>\n<\/tr>\n<tr>\n<td width=\"370\">Filosof\u00eda de Vida \u00a02\u00ba TSAG<\/td>\n<\/tr>\n<tr>\n<td rowspan=\"2\">LARA, Melisa Irup\u00e9<\/td>\n<td width=\"370\">Expresi\u00f3n Art\u00edstica\u00a0 2\u00ba\u00a0 PEP<\/td>\n<\/tr>\n<tr>\n<td width=\"370\">Teatro y Expresi\u00f3n Corporal en el Nivel Inicial\u00a0 3\u00ba PEI<\/td>\n<\/tr>\n<tr>\n<td rowspan=\"3\">LARRA\u00d1AGA, Romina<\/td>\n<td width=\"370\">Expresi\u00f3n Art\u00edstica \u00a02\u00ba PEP<\/td>\n<\/tr>\n<tr>\n<td width=\"370\">M\u00fasica en el Nivel Inicial 2\u00ba\u00a0 PEI<\/td>\n<\/tr>\n<tr>\n<td width=\"370\">Actividades Musicales para la 3era. Edad\u00a0\u00a0 1\u00ba\u00a0 TSAG<\/td>\n<\/tr>\n<tr>\n<td rowspan=\"3\">MALM GREEN, Lucrecia<\/td>\n<td width=\"370\">Pr\u00e1ctica Profesional Docente IV\u00a0\u00a0 4\u00ba\u00a0 PEI<\/td>\n<\/tr>\n<tr>\n<td width=\"370\">Problem\u00e1ticas Contemp\u00f3raneas en el NI\u00a0\u00a0 4\u00ba\u00a0 PEI<\/td>\n<\/tr>\n<tr>\n<td width=\"370\">Jardines Maternales 2\u00ba PEI<\/td>\n<\/tr>\n<tr>\n<td rowspan=\"6\">MARANESI, V\u00edctor Arturo<\/td>\n<td width=\"370\">Legislaci\u00f3n para la 3era. Edad\u00a0 1\u00ba TSAG<\/td>\n<\/tr>\n<tr>\n<td width=\"370\">El Anciano: Sujeto de derechos \u00a02\u00ba TSAG<\/td>\n<\/tr>\n<tr>\n<td width=\"370\">TIC 1\u00ba PEP -PEI<\/td>\n<\/tr>\n<tr>\n<td width=\"370\">Did\u00e1ctica de la Tecnolog\u00eda\u00a0 3\u00ba\u00a0 PEP<\/td>\n<\/tr>\n<tr>\n<td width=\"370\">Did\u00e1ctica de la Tecnolog\u00eda 2\u00ba\u00a0 PEI<\/td>\n<\/tr>\n<tr>\n<td width=\"370\">Inform\u00e1tica\u00a0 1\u00ba TSAG<\/td>\n<\/tr>\n<tr>\n<td rowspan=\"3\">MARINELLI, Claudia<\/td>\n<td width=\"370\">Sujetos de la Ed. Inicial\u00a0 y Primaria 1\u00ba PEP- PEI<\/td>\n<\/tr>\n<tr>\n<td width=\"370\">Pr\u00e1ctica Profesional Docente II\u00a0 \u00a02\u00ba PEP<\/td>\n<\/tr>\n<tr>\n<td width=\"370\">Sociolog\u00eda de la Educaci\u00f3n\u00a0\u00a0 2\u00ba PEP &#8211; 3\u00ba PEI<\/td>\n<\/tr>\n<tr>\n<td>MART\u00cdNEZ CORZO, Erika<\/td>\n<td width=\"370\">Did\u00e1ctica General\u00a0 1\u00ba PEI &#8211; PEP<\/td>\n<\/tr>\n<tr>\n<td rowspan=\"2\">MART\u00cdNEZ KENNY, Pilar<\/td>\n<td width=\"370\">Pr\u00e1ctica Profesional Docente II\u00a0 2\u00ba PEI<\/td>\n<\/tr>\n<tr>\n<td width=\"370\">Pr\u00e1ctica Profesional Docente IV 4\u00b0 PEP<\/td>\n<\/tr>\n<tr>\n<td rowspan=\"2\">MASANETT, Yanina<\/td>\n<td width=\"370\">Pedagog\u00eda 1\u00ba PEP &#8211; PEI<\/td>\n<\/tr>\n<tr>\n<td width=\"370\">Psicolog\u00eda Educacional 1\u00ba PEP-PEI<\/td>\n<\/tr>\n<tr>\n<td rowspan=\"6\">MATEO, Eliana Ver\u00f3nica<\/td>\n<td width=\"370\">Literatura para ni\u00f1os y j\u00f3venes 1\u00ba\u00a0 PEP<\/td>\n<\/tr>\n<tr>\n<td width=\"370\">Did\u00e1ctica de la Literatura\u00a0 \u00a02\u00ba PEP<\/td>\n<\/tr>\n<tr>\n<td width=\"370\">Alfabetizaci\u00f3n Inicial 3\u00ba PEP<\/td>\n<\/tr>\n<tr>\n<td width=\"370\">Did\u00e1ctica de la Lengua II\u00a0 4\u00ba PEP<\/td>\n<\/tr>\n<tr>\n<td width=\"370\">Comprensi\u00f3n y Producci\u00f3n de Textos\u00a0 1\u00ba TSAG<\/td>\n<\/tr>\n<tr>\n<td width=\"370\">Literatura para la 3era. Edad\u00a0 1\u00ba TSAG<\/td>\n<\/tr>\n<tr>\n<td>MERTENS, Gast\u00f3n<\/td>\n<td width=\"370\">Ed. Fisica en el NI \u00a03\u00ba PEI<\/td>\n<\/tr>\n<tr>\n<td rowspan=\"4\">MIL\u00c1N, Soledad<\/td>\n<td width=\"370\">Lengua 1\u00ba \u00a0PEP<\/td>\n<\/tr>\n<tr>\n<td width=\"370\">Did\u00e1ctica de la Lengua\u00a0 2\u00ba PEP<\/td>\n<\/tr>\n<tr>\n<td width=\"370\">Suplente: Literatura para Ni\u00f1os 2\u00ba \u00a0PEI<\/td>\n<\/tr>\n<tr>\n<td width=\"370\">Suplente: Alfabetizaci\u00f3n Inicial\u00a0 3\u00ba PEI<\/td>\n<\/tr>\n<tr>\n<td rowspan=\"3\">NIELLA, Victor<\/td>\n<td width=\"370\">Formacion Humana Integral I 1\u00ba PEP &#8211; PEI<\/td>\n<\/tr>\n<tr>\n<td width=\"370\">Pastoral para la 3era Edad I\u00a0 1\u00ba TSAG<\/td>\n<\/tr>\n<tr>\n<td width=\"370\">Pastoral para la 3era Edad II\u00a0 2\u00ba TSAG<\/td>\n<\/tr>\n<tr>\n<td rowspan=\"2\">PEREYRA, Paola<\/td>\n<td width=\"370\">Nutrici\u00f3n para la 3era Edad I\u00a0 1\u00ba TSAG<\/td>\n<\/tr>\n<tr>\n<td width=\"370\">Nutrici\u00f3n para la 3era Edad II\u00a0 2\u00ba TSAG<\/td>\n<\/tr>\n<tr>\n<td rowspan=\"3\">PETRICH, Juliana<\/td>\n<td width=\"370\">Problem\u00e1tica Socio-Cultural y del Conocimiento 1\u00ba TSAG<\/td>\n<\/tr>\n<tr>\n<td width=\"370\">Pol\u00edticas Sociales y Sistema Sanitario\u00a0 2\u00ba TSAG<\/td>\n<\/tr>\n<tr>\n<td width=\"370\">Investigaci\u00f3n Social\u00a0 2\u00ba TSAG<\/td>\n<\/tr>\n<tr>\n<td rowspan=\"2\">RAMIREZ, Aldana<\/td>\n<td width=\"370\">Pr\u00e1cticas de lectura, escritura y oralidad\u00a0 1\u00ba PEP- PEI<\/td>\n<\/tr>\n<tr>\n<td width=\"370\">SUPLENTE: Pr\u00e1ctica Ling\u00fc\u00edsticas en el Nivel Inicial\u00a0\u00a0 2\u00ba PEI<\/td>\n<\/tr>\n<tr>\n<td rowspan=\"3\">RAMIREZ, Ma. Eugenia<\/td>\n<td width=\"370\">Did\u00e1ctica de las Ciencias Sociales II\u00a0 3\u00ba PEP<\/td>\n<\/tr>\n<tr>\n<td width=\"370\">Did\u00e1ctica de las Ciencias Sociales III\u00a0 4\u00ba \u00a0PEP<\/td>\n<\/tr>\n<tr>\n<td width=\"370\">Did\u00e1ctica de las Ciencias Sociales\u00a0 3\u00ba PEI<\/td>\n<\/tr>\n<tr>\n<td rowspan=\"2\">RIVEROS, Jorge<\/td>\n<td width=\"370\">Administraci\u00f3n y Gesti\u00f3n de Instituciones geri\u00e1tricas 1\u00ba\u00a0 TSAG<\/td>\n<\/tr>\n<tr>\n<td width=\"370\">Cooperativismo y Pymes \u00a03\u00ba TSAG<\/td>\n<\/tr>\n<tr>\n<td rowspan=\"4\">ROBLES, Blanca<\/td>\n<td width=\"370\">Artes Visuales en el Nivel Inicial 2\u00ba PEI<\/td>\n<\/tr>\n<tr>\n<td width=\"370\">Expresi\u00f3n Art\u00edstica 2\u00ba\u00a0 PEP<\/td>\n<\/tr>\n<tr>\n<td width=\"370\">Artes para la 3\u00ba Edad I\u00a0 1\u00ba TSAG<\/td>\n<\/tr>\n<tr>\n<td width=\"370\">Artes para la 3\u00ba Edad II\u00a0 2\u00ba TSAG<\/td>\n<\/tr>\n<tr>\n<td rowspan=\"3\">S\u00c1NCHEZ, Lorena V.<\/td>\n<td width=\"370\">Matem\u00e1tica 1\u00ba PEP<\/td>\n<\/tr>\n<tr>\n<td width=\"370\">Did\u00e1ctica de las Ciencias Naturales II (F\u00edsica) 3\u00ba PEP<\/td>\n<\/tr>\n<tr>\n<td width=\"370\">Did\u00e1ctica de las Ciencias Naturales\u00a0 3\u00ba PEI<\/td>\n<\/tr>\n<tr>\n<td rowspan=\"2\">ZANETTI, Mar\u00eda Bel\u00e9n<\/td>\n<td width=\"370\">Pr\u00e1ctica Profesional Docente I \u00a01\u00ba PEI<\/td>\n<\/tr>\n<tr>\n<td width=\"370\">Pr\u00e1ctica Profesional Docente III 3\u00ba PEI<\/td>\n<\/tr>\n<\/tbody>\n<\/table>\n","protected":false},"excerpt":{"rendered":"<p>PROFESORES ESPACIOS CURRICULARES A CARGO ARDISANA, Melisa Historia y Pol\u00edtica de la Educaci\u00f3n Argentina 2\u00ba PEP-PEI Perspectiva Historica, Pol\u00edtica, Social, Econ\u00f3mica y Cultural de Aca. Latina\u00a0 1\u00ba PEP -PEI BAUZ\u00c1, Luc\u00eda de L. Promoci\u00f3n de la Salud\u00a0 1\u00ba PEP -PEI Di\u00e1ctica de las Ciencias Naturales III \u00a04\u00ba \u00a0PEP BERG\u00c9, Karina In\u00e9s Instituciones Educativas 2\u00ba PEP &#8230; <a title=\"Docentes\" class=\"read-more\" href=\"https:\/\/insrp-infd.mendoza.edu.ar\/sitio\/docentes\/\" aria-label=\"More on Docentes\">[+]<\/a><\/p>\n","protected":false},"author":430,"featured_media":0,"parent":0,"menu_order":0,"comment_status":"closed","ping_status":"closed","template":"","meta":[],"acf":[],"_links":{"self":[{"href":"https:\/\/insrp-infd.mendoza.edu.ar\/sitio\/wp-json\/wp\/v2\/pages\/785"}],"collection":[{"href":"https:\/\/insrp-infd.mendoza.edu.ar\/sitio\/wp-json\/wp\/v2\/pages"}],"about":[{"href":"https:\/\/insrp-infd.mendoza.edu.ar\/sitio\/wp-json\/wp\/v2\/types\/page"}],"author":[{"embeddable":true,"href":"https:\/\/insrp-infd.mendoza.edu.ar\/sitio\/wp-json\/wp\/v2\/users\/430"}],"replies":[{"embeddable":true,"href":"https:\/\/insrp-infd.mendoza.edu.ar\/sitio\/wp-json\/wp\/v2\/comments?post=785"}],"version-history":[{"count":2,"href":"https:\/\/insrp-infd.mendoza.edu.ar\/sitio\/wp-json\/wp\/v2\/pages\/785\/revisions"}],"predecessor-version":[{"id":965,"href":"https:\/\/insrp-infd.mendoza.edu.ar\/sitio\/wp-json\/wp\/v2\/pages\/785\/revisions\/965"}],"wp:attachment":[{"href":"https:\/\/insrp-infd.mendoza.edu.ar\/sitio\/wp-json\/wp\/v2\/media?parent=785"}],"curies":[{"name":"wp","href":"https:\/\/api.w.org\/{rel}","templated":true}]}}