{"id":789,"date":"2018-08-31T13:24:53","date_gmt":"2018-08-31T16:24:53","guid":{"rendered":"https:\/\/insrp-mza.infd.edu.ar\/sitio\/plan-de-estudios-2\/"},"modified":"2024-05-29T19:18:26","modified_gmt":"2024-05-29T22:18:26","slug":"plan-de-estudios-2","status":"publish","type":"page","link":"https:\/\/insrp-infd.mendoza.edu.ar\/sitio\/plan-de-estudios-2\/","title":{"rendered":"Plan de estudios"},"content":{"rendered":"<p><img decoding=\"async\" loading=\"lazy\" style=\"vertical-align: middle; display: block; margin-left: auto; margin-right: auto;\" src=\"https:\/\/insrp-infd.mendoza.edu.ar\/sitio\/wp-content\/uploads\/2018\/08\/pep.gif\" width=\"400\" height=\"311\" border=\"0\" \/><\/p>\n<p><span style=\"font-family: 'book antiqua', palatino; font-size: 14pt;\"><strong><span style=\"color: #008000; font-size: 18pt;\">Plan de Estudios<\/span> <span style=\"font-size: 10pt;\">Res. N\u00ba 7665\/DGE\/2023<\/span><\/strong><\/span><\/p>\n<p><span style=\"color: #008000; font-family: 'book antiqua', palatino; font-size: 14pt;\"><strong><em>Primer A\u00f1o<\/em><\/strong><\/span><\/p>\n<ul>\n<li>Pensamiento Filos\u00f3fico<\/li>\n<li>Comprensi\u00f3n y Producci\u00f3n de textos acad\u00e9micos<\/li>\n<li>Sistema Educativo<\/li>\n<li>Pedagog\u00eda<\/li>\n<li>Numeraci\u00f3n<\/li>\n<li>Lengua y Literatura Infantil y Juvenil<\/li>\n<li>Educaci\u00f3n Art\u00edstica<\/li>\n<li>Pr\u00e1ctica Profesional Docente I<\/li>\n<li>Formaci\u00f3n Humana Integral I (coprogram\u00e1tica)<\/li>\n<\/ul>\n<p><strong style=\"color: #008000; font-family: 'book antiqua', palatino; font-size: 14pt;\"><em>Segundo A\u00f1o<\/em><\/strong><\/p>\n<ul>\n<li>Did\u00e1ctica<\/li>\n<li>Psicolog\u00eda Educacional<\/li>\n<li>Instituciones Educativas<\/li>\n<li>Sujetos de la Educaci\u00f3n<\/li>\n<li>N\u00fameros Racionales y su did\u00e1ctica<\/li>\n<li>Ciencias Sociales y su did\u00e1ctica I<\/li>\n<li>Ciencias Naturales y su did\u00e1ctica I<\/li>\n<li>Lengua y su did\u00e1ctica<\/li>\n<li>Literatura infantil y juvenil y su did\u00e1ctica<\/li>\n<li>Espacio, Geometr\u00eda y su did\u00e1ctica<\/li>\n<li>Pr\u00e1ctica Profesional Docente II<\/li>\n<li>Formaci\u00f3n Humana Integral II (coprogram\u00e1tica)<\/li>\n<\/ul>\n<p><span style=\"font-family: 'book antiqua', palatino; font-size: 14pt; color: #008000;\"><strong><em>Tercer A\u00f1o<\/em><\/strong><\/span><\/p>\n<ul>\n<li>Gesti\u00f3n y Evaluaci\u00f3n de los aprendizajes<\/li>\n<li>Proyectos de Intervenci\u00f3n Estrat\u00e9gica<\/li>\n<li>Educaci\u00f3n en la diversidad<\/li>\n<li>Educaci\u00f3n Tecnol\u00f3gica<\/li>\n<li>Medida y su did\u00e1ctica<\/li>\n<li>Ciencias Sociales y su did\u00e1ctica II<\/li>\n<li>Ciencias Naturales y su did\u00e1ctica II<\/li>\n<li>Alfabetizaci\u00f3n<\/li>\n<li>Formaci\u00f3n \u00c9tica y Ciudadana y su did\u00e1ctica<\/li>\n<li>\u00c1lgebra, Funciones y su did\u00e1ctica<\/li>\n<li>Pr\u00e1ctica Profesional Docente III<\/li>\n<li>Formaci\u00f3n Humana Integral III (coprogram\u00e1tica)<\/li>\n<\/ul>\n<p><span style=\"font-family: 'book antiqua', palatino; font-size: 14pt; color: #008000;\"><strong><em>Cuarto A\u00f1o<\/em><\/strong><\/span><\/p>\n<ul>\n<li>Educaci\u00f3n Sexual Integral<\/li>\n<li>Educaci\u00f3n y tecnolog\u00edas digitales<\/li>\n<li>Historia y Patrimonio Cultural de Mendoza<\/li>\n<li>Formaci\u00f3n complementaria general<\/li>\n<li>Did\u00e1ctica de la Lengua y de la Literatura infantil y juvenil<\/li>\n<li>Did\u00e1ctica de la Matem\u00e1tica<\/li>\n<li>Did\u00e1ctica de las Ciencias Sociales<\/li>\n<li>Did\u00e1ctica de las Ciencias Naturales<\/li>\n<li>Formaci\u00f3n complementaria II<\/li>\n<li>Pr\u00e1ctica Profesional Docente IV<\/li>\n<\/ul>\n","protected":false},"excerpt":{"rendered":"<p>Plan de Estudios Res. N\u00ba 7665\/DGE\/2023 Primer A\u00f1o Pensamiento Filos\u00f3fico Comprensi\u00f3n y Producci\u00f3n de textos acad\u00e9micos Sistema Educativo Pedagog\u00eda Numeraci\u00f3n Lengua y Literatura Infantil y Juvenil Educaci\u00f3n Art\u00edstica Pr\u00e1ctica Profesional Docente I Formaci\u00f3n Humana Integral I (coprogram\u00e1tica) Segundo A\u00f1o Did\u00e1ctica Psicolog\u00eda Educacional Instituciones Educativas Sujetos de la Educaci\u00f3n N\u00fameros Racionales y su did\u00e1ctica Ciencias Sociales &#8230; <a title=\"Plan de estudios\" class=\"read-more\" href=\"https:\/\/insrp-infd.mendoza.edu.ar\/sitio\/plan-de-estudios-2\/\" aria-label=\"More on Plan de estudios\">[+]<\/a><\/p>\n","protected":false},"author":430,"featured_media":0,"parent":0,"menu_order":0,"comment_status":"closed","ping_status":"closed","template":"","meta":[],"acf":[],"_links":{"self":[{"href":"https:\/\/insrp-infd.mendoza.edu.ar\/sitio\/wp-json\/wp\/v2\/pages\/789"}],"collection":[{"href":"https:\/\/insrp-infd.mendoza.edu.ar\/sitio\/wp-json\/wp\/v2\/pages"}],"about":[{"href":"https:\/\/insrp-infd.mendoza.edu.ar\/sitio\/wp-json\/wp\/v2\/types\/page"}],"author":[{"embeddable":true,"href":"https:\/\/insrp-infd.mendoza.edu.ar\/sitio\/wp-json\/wp\/v2\/users\/430"}],"replies":[{"embeddable":true,"href":"https:\/\/insrp-infd.mendoza.edu.ar\/sitio\/wp-json\/wp\/v2\/comments?post=789"}],"version-history":[{"count":3,"href":"https:\/\/insrp-infd.mendoza.edu.ar\/sitio\/wp-json\/wp\/v2\/pages\/789\/revisions"}],"predecessor-version":[{"id":973,"href":"https:\/\/insrp-infd.mendoza.edu.ar\/sitio\/wp-json\/wp\/v2\/pages\/789\/revisions\/973"}],"wp:attachment":[{"href":"https:\/\/insrp-infd.mendoza.edu.ar\/sitio\/wp-json\/wp\/v2\/media?parent=789"}],"curies":[{"name":"wp","href":"https:\/\/api.w.org\/{rel}","templated":true}]}}